{"id":13995,"date":"2023-10-02T16:01:49","date_gmt":"2023-10-02T14:01:49","guid":{"rendered":"https:\/\/setah.be\/?post_type=portfolio&#038;p=13995"},"modified":"2023-10-09T15:26:13","modified_gmt":"2023-10-09T13:26:13","slug":"eta-deneyer","status":"publish","type":"portfolio","link":"https:\/\/setah.be\/index.php\/eta\/eta-deneyer\/","title":{"rendered":"Ets DENEYER"},"content":{"rendered":"\t\t<div data-elementor-type=\"wp-post\" data-elementor-id=\"13995\" class=\"elementor elementor-13995\">\n\t\t\t\t\t\t<section class=\"elementor-section elementor-top-section elementor-element elementor-element-5b4e643f elementor-section-boxed elementor-section-height-default elementor-section-height-default\" data-id=\"5b4e643f\" data-element_type=\"section\" data-e-type=\"section\">\n\t\t\t\t\t\t<div class=\"elementor-container elementor-column-gap-default\">\n\t\t\t\t\t<div class=\"elementor-column elementor-col-50 elementor-top-column elementor-element elementor-element-5f2d5193\" data-id=\"5f2d5193\" data-element_type=\"column\" data-e-type=\"column\">\n\t\t\t<div class=\"elementor-widget-wrap elementor-element-populated\">\n\t\t\t\t\t\t<div class=\"elementor-element elementor-element-26ed6310 elementor-widget elementor-widget-image\" data-id=\"26ed6310\" data-element_type=\"widget\" data-e-type=\"widget\" data-widget_type=\"image.default\">\n\t\t\t\t<div class=\"elementor-widget-container\">\n\t\t\t\t\t\t\t\t\t\t\t\t\t\t\t<img loading=\"lazy\" loading=\"lazy\" decoding=\"async\" width=\"325\" height=\"340\" src=\"https:\/\/setah.be\/wp-content\/uploads\/2023\/10\/Logo-ETA-Deneyer-SC.FS-ARNOULD-Michel.jpg\" class=\"attachment-full size-full wp-image-14000\" alt=\"ETA Deneyer\" srcset=\"https:\/\/setah.be\/wp-content\/uploads\/2023\/10\/Logo-ETA-Deneyer-SC.FS-ARNOULD-Michel.jpg 325w, https:\/\/setah.be\/wp-content\/uploads\/2023\/10\/Logo-ETA-Deneyer-SC.FS-ARNOULD-Michel-287x300.jpg 287w\" sizes=\"auto, (max-width: 325px) 100vw, 325px\" title=\"Logo ETA Deneyer SC.FS ARNOULD Michel\" \/>\t\t\t\t\t\t\t\t\t\t\t\t\t\t\t<\/div>\n\t\t\t\t<\/div>\n\t\t\t\t\t<\/div>\n\t\t<\/div>\n\t\t\t\t<div class=\"elementor-column elementor-col-50 elementor-top-column elementor-element elementor-element-405519b\" data-id=\"405519b\" data-element_type=\"column\" data-e-type=\"column\">\n\t\t\t<div class=\"elementor-widget-wrap elementor-element-populated\">\n\t\t\t\t\t\t<div class=\"elementor-element elementor-element-f66cb3e elementor-widget elementor-widget-heading\" data-id=\"f66cb3e\" data-element_type=\"widget\" data-e-type=\"widget\" data-widget_type=\"heading.default\">\n\t\t\t\t<div class=\"elementor-widget-container\">\n\t\t\t\t\t<h2 class=\"elementor-heading-title elementor-size-default\">Domaines <\/h2>\t\t\t\t<\/div>\n\t\t\t\t<\/div>\n\t\t\t\t<div class=\"elementor-element elementor-element-64a2e67 elementor-widget elementor-widget-gt3-core-custommeta\" data-id=\"64a2e67\" data-element_type=\"widget\" data-e-type=\"widget\" data-widget_type=\"gt3-core-custommeta.default\">\n\t\t\t\t<div class=\"elementor-widget-container\">\n\t\t\t\t\t<div class=\"gt3_meta_values_wrapper vertical align_left\"><div class=\"gt3_meta_values_item elementor-repeater-item-b792b2f\"><div class=\"gt3_meta_value type_category\"><a href=\"https:\/\/setah.be\/index.php\/eta-category\/espaces-verts\/\">Espaces verts<\/a>, <a href=\"https:\/\/setah.be\/index.php\/eta-category\/manutention\/\">Manutention<\/a>, <a href=\"https:\/\/setah.be\/index.php\/eta-category\/entreprises\/\">Services aux entreprises<\/a>, <a href=\"https:\/\/setah.be\/index.php\/eta-category\/titres-services\/\">Titres-services<\/a><\/div><\/div><\/div>\t\t\t\t<\/div>\n\t\t\t\t<\/div>\n\t\t\t\t\t<\/div>\n\t\t<\/div>\n\t\t\t\t\t<\/div>\n\t\t<\/section>\n\t\t\t\t<section class=\"elementor-section elementor-top-section elementor-element elementor-element-a2cd0de elementor-section-boxed elementor-section-height-default elementor-section-height-default\" data-id=\"a2cd0de\" data-element_type=\"section\" data-e-type=\"section\">\n\t\t\t\t\t\t<div class=\"elementor-container elementor-column-gap-default\">\n\t\t\t\t\t<div class=\"elementor-column elementor-col-100 elementor-top-column elementor-element elementor-element-8adb5fa\" data-id=\"8adb5fa\" data-element_type=\"column\" data-e-type=\"column\">\n\t\t\t<div class=\"elementor-widget-wrap elementor-element-populated\">\n\t\t\t\t\t\t<div class=\"elementor-element elementor-element-6649589 elementor-widget elementor-widget-spacer\" data-id=\"6649589\" data-element_type=\"widget\" data-e-type=\"widget\" data-widget_type=\"spacer.default\">\n\t\t\t\t<div class=\"elementor-widget-container\">\n\t\t\t\t\t\t\t<div class=\"elementor-spacer\">\n\t\t\t<div class=\"elementor-spacer-inner\"><\/div>\n\t\t<\/div>\n\t\t\t\t\t\t<\/div>\n\t\t\t\t<\/div>\n\t\t\t\t<section class=\"elementor-section elementor-inner-section elementor-element elementor-element-f0920e3 elementor-section-boxed elementor-section-height-default elementor-section-height-default\" data-id=\"f0920e3\" data-element_type=\"section\" data-e-type=\"section\">\n\t\t\t\t\t\t<div class=\"elementor-container elementor-column-gap-extended\">\n\t\t\t\t\t<div class=\"elementor-column elementor-col-50 elementor-inner-column elementor-element elementor-element-fb7c00d\" data-id=\"fb7c00d\" data-element_type=\"column\" data-e-type=\"column\">\n\t\t\t<div class=\"elementor-widget-wrap elementor-element-populated\">\n\t\t\t\t\t\t<div class=\"elementor-element elementor-element-fd7663e elementor-widget elementor-widget-text-editor\" data-id=\"fd7663e\" data-element_type=\"widget\" data-e-type=\"widget\" data-widget_type=\"text-editor.default\">\n\t\t\t\t<div class=\"elementor-widget-container\">\n\t\t\t\t\t\t\t\t\t<p>Du fait de nos activit\u00e9s, nous nous inscrivons \u00e9galement dans le cadre de l\u2019\u00e9conomie sociale par la r\u00e9insertion professionnelle associ\u00e9e \u00e0 une action transversale visant au maintien de l\u2019autonomie de la personne \u00e2g\u00e9e\/handicap\u00e9e ou en souffrance psychologique \u00e0 son domicile.<\/p><p>L&rsquo;ETA DENEYER est une Entreprise de Travail adapt\u00e9 qui emploie plus de 130\u00a0personnes en situation de handicap, depuis sa cr\u00e9ation en 1969 et le d\u00e9but de ses activit\u00e9s en 1972, mettant \u00e0 disposition ses comp\u00e9tences en termes de sous-traitance de productions et de services dans diff\u00e9rents domaines aupr\u00e8s de particuliers, d&rsquo;entreprises ou encore, de collectivit\u00e9s.<\/p>\t\t\t\t\t\t\t\t<\/div>\n\t\t\t\t<\/div>\n\t\t\t\t<div class=\"elementor-element elementor-element-93d2429 elementor-widget elementor-widget-gt3pg-packery\" data-id=\"93d2429\" data-element_type=\"widget\" data-e-type=\"widget\" data-widget_type=\"gt3pg-packery.default\">\n\t\t\t\t<div class=\"elementor-widget-container\">\n\t\t\t\t\t<style>.uid-e2a88cde3d5b27b4  .gt3pg-isotope-item {\n\tpadding-right: 30px;\n\tpadding-bottom: 30px;\n}\n.uid-e2a88cde3d5b27b4  .gallery-isotope-wrapper {\n\tmargin-right: -30px;\n\tmargin-bottom: -30px;\n}\n<\/style><div id=\"uid-e2a88cde3d5b27b4\" data-gt3pg-block=\"packery\" data-index=\"1\" class=\"gt3-photo-gallery-pro--isotope_gallery uid-e2a88cde3d5b27b4 gt3pg-pro--wrapper gt3pg-pro--packery \">\t\t<div class=\"hover-default gt3pg-isotope-gallery columns-4 gallery-packery  corner-standard\">\n\t\t\t\t\t\t\t\t\t<div class=\"gallery-isotope-wrapper\">\n\t\t\t\t<div class=\"gt3pg-isotope-item loading \"><div class=\"isotope_item-wrapper\"><a href=\"https:\/\/setah.be\/wp-content\/uploads\/2023\/10\/Ets-Deneyer-exterieur-ARNOULD-Michel-768x362.jpg\" class=\"gt3pg-lightbox\"  target=\"_blank\" data-elementor-open-lightbox=\"no\"><div class=\"img-wrapper\"><img fetchpriority=\"high\" decoding=\"async\" width=\"768\" height=\"362\" src=\"https:\/\/setah.be\/wp-content\/uploads\/2023\/10\/Ets-Deneyer-exterieur-ARNOULD-Michel-768x362.jpg\" class=\"skip-lazy gt3-lazy-image\" alt=\"\" loading=\"eager\" data-lazy-srcset=\"https:\/\/setah.be\/wp-content\/uploads\/2023\/10\/Ets-Deneyer-exterieur-ARNOULD-Michel-768x362.jpg 768w, https:\/\/setah.be\/wp-content\/uploads\/2023\/10\/Ets-Deneyer-exterieur-ARNOULD-Michel-300x141.jpg 300w, https:\/\/setah.be\/wp-content\/uploads\/2023\/10\/Ets-Deneyer-exterieur-ARNOULD-Michel-480x226.jpg 480w\" data-lazy-sizes=\"(max-width: 768px) 100vw, 768px\" data-lazy-src=\"https:\/\/setah.be\/wp-content\/uploads\/2023\/10\/Ets-Deneyer-exterieur-ARNOULD-Michel-768x362.jpg?is-pending-load=1\" srcset=\"data:image\/png;base64,iVBORw0KGgoAAAANSUhEUgAAAIkAAABACAYAAAAuw1S1AAAACXBIWXMAAA7EAAAOxAGVKw4bAAAAOUlEQVR42u3BMQEAAADCoPVPbQZ\/oAAAAAAAAAAAAAAAAAAAAAAAAAAAAAAAAAAAAAAAAAAAAAA+A4lAAAG7jGHUAAAAAElFTkSuQmCC\" title=\"Ets Deneyer ext\u00e9rieur ARNOULD Michel\" \/><\/div><\/a><\/div><\/div><div class=\"gt3pg-isotope-item loading \"><div class=\"isotope_item-wrapper\"><a href=\"https:\/\/setah.be\/wp-content\/uploads\/2023\/10\/Locaux-Deneyer-ARNOULD-Michel-768x346.jpg\" class=\"gt3pg-lightbox\"  target=\"_blank\" data-elementor-open-lightbox=\"no\"><div class=\"img-wrapper\"><img decoding=\"async\" width=\"768\" height=\"346\" src=\"https:\/\/setah.be\/wp-content\/uploads\/2023\/10\/Locaux-Deneyer-ARNOULD-Michel-768x346.jpg\" class=\"skip-lazy gt3-lazy-image\" alt=\"Locaux Deneyer\" loading=\"eager\" data-lazy-srcset=\"https:\/\/setah.be\/wp-content\/uploads\/2023\/10\/Locaux-Deneyer-ARNOULD-Michel-768x346.jpg 768w, https:\/\/setah.be\/wp-content\/uploads\/2023\/10\/Locaux-Deneyer-ARNOULD-Michel-300x135.jpg 300w, https:\/\/setah.be\/wp-content\/uploads\/2023\/10\/Locaux-Deneyer-ARNOULD-Michel-480x216.jpg 480w\" data-lazy-sizes=\"(max-width: 768px) 100vw, 768px\" data-lazy-src=\"https:\/\/setah.be\/wp-content\/uploads\/2023\/10\/Locaux-Deneyer-ARNOULD-Michel-768x346.jpg?is-pending-load=1\" srcset=\"data:image\/png;base64,iVBORw0KGgoAAAANSUhEUgAAAIkAAAA9CAYAAACZf0qqAAAACXBIWXMAAA7EAAAOxAGVKw4bAAAAN0lEQVR42u3BAQ0AAADCoPdPbQ8HFAAAAAAAAAAAAAAAAAAAAAAAAAAAAAAAAAAAAAAAAAAAVwaC0QAB5apl7AAAAABJRU5ErkJggg==\" title=\"Locaux Deneyer ARNOULD Michel\" \/><\/div><\/a><\/div><\/div>\t\t\t<\/div>\n\t\t\t\n\t\t<\/div>\n\t\t\t\t<script type=\"application\/json\" id=\"settings--uid-e2a88cde3d5b27b4\">{\"lightbox\":{\"enable\":true,\"options\":{\"showTitle\":true,\"showCaption\":true,\"descriptionProperty\":\"caption\",\"allowDownload\":false,\"allowZoom\":false,\"socials\":true,\"deepLink\":false,\"stretchImages\":false,\"thumbnailIndicators\":true,\"startSlideshow\":false,\"slideshowInterval\":6000,\"instance\":1,\"customClass\":\"style-dark\",\"rightClick\":false,\"externalPosters\":false,\"toggleControlsOnSlideClick\":false,\"closeOnSlideClick\":false,\"videoAutoplay\":false,\"animationType\":\"slide\",\"simpleStyle\":false,\"continuous\":true}},\"id\":1,\"uid\":\"uid-e2a88cde3d5b27b4\",\"lazyLoad\":true,\"isotopeOptions\":{\"stagger\":0},\"packery\":{\"lap\":8,\"grid\":4,\"elem\":{\"1\":{\"w\":2,\"h\":2},\"4\":{\"w\":2},\"7\":{\"w\":2,\"h\":2},\"8\":{\"w\":2}}},\"items\":[{\"href\":\"https:\\\/\\\/setah.be\\\/wp-content\\\/uploads\\\/2023\\\/10\\\/Ets-Deneyer-exterieur-ARNOULD-Michel.jpg\",\"title\":\"Ets Deneyer ext\\u00e9rieur ARNOULD Michel\",\"caption\":\"\",\"description\":\"\",\"alt\":\"\",\"thumbnail\":\"https:\\\/\\\/setah.be\\\/wp-content\\\/uploads\\\/2023\\\/10\\\/Ets-Deneyer-exterieur-ARNOULD-Michel-150x150.jpg\",\"is_video\":0,\"image_id\":13999,\"width\":1366,\"height\":644,\"item_class_list\":[],\"external_link\":\"\",\"local_index\":0},{\"href\":\"https:\\\/\\\/setah.be\\\/wp-content\\\/uploads\\\/2023\\\/10\\\/Locaux-Deneyer-ARNOULD-Michel.jpg\",\"title\":\"Locaux Deneyer ARNOULD Michel\",\"caption\":\"\",\"description\":\"\",\"alt\":\"Locaux Deneyer\",\"thumbnail\":\"https:\\\/\\\/setah.be\\\/wp-content\\\/uploads\\\/2023\\\/10\\\/Locaux-Deneyer-ARNOULD-Michel-150x150.jpg\",\"is_video\":0,\"image_id\":13996,\"width\":1366,\"height\":616,\"item_class_list\":[],\"external_link\":\"\",\"local_index\":1}],\"modules\":[\"Lightbox\"]}<\/script><\/div>\t\t\t\t<\/div>\n\t\t\t\t<\/div>\n\t\t\t\t\t<\/div>\n\t\t<\/div>\n\t\t\t\t<div class=\"elementor-column elementor-col-50 elementor-inner-column elementor-element elementor-element-cb8ca4f\" data-id=\"cb8ca4f\" data-element_type=\"column\" data-e-type=\"column\">\n\t\t\t<div class=\"elementor-widget-wrap elementor-element-populated\">\n\t\t\t\t\t\t<div class=\"elementor-element elementor-element-67afbbc elementor-widget elementor-widget-gt3-core-custommeta\" data-id=\"67afbbc\" data-element_type=\"widget\" data-e-type=\"widget\" data-widget_type=\"gt3-core-custommeta.default\">\n\t\t\t\t<div class=\"elementor-widget-container\">\n\t\t\t\t\t<div class=\"gt3_meta_values_wrapper vertical align_left\"><div class=\"gt3_meta_values_item elementor-repeater-item-13956f1\"><span class=\"gt3_meta_label_title\">Nom de l&#039;ETA<\/span><div class=\"gt3_meta_value type_name\">Ets DENEYER<\/div><\/div><div class=\"gt3_meta_values_item elementor-repeater-item-23b9ba2\"><span class=\"gt3_meta_label_title\">Client\u00e8le<\/span><div class=\"gt3_meta_value type_custom\">Pour  le professionnel<\/div><\/div><div class=\"gt3_meta_values_item elementor-repeater-item-a98a24b\"><span class=\"gt3_meta_label_title\">Adresse<\/span><div class=\"custom_meta_icon fa fa-map-marker\"><\/div><div class=\"gt3_meta_value type_custom\">route du Grand Peuplier 26 \u00e0 7110<strong> STREPY-BRACQUEGNIES<\/strong><\/div><\/div><div class=\"gt3_meta_values_item elementor-repeater-item-a02a45b\"><span class=\"gt3_meta_label_title\">T\u00e9l\u00e9phone<\/span><div class=\"custom_meta_icon fa fa-phone\"><\/div><div class=\"gt3_meta_value type_custom\"><a href=\"tel:+3264663800\">064 663 800<\/a><\/div><\/div><div class=\"gt3_meta_values_item elementor-repeater-item-2b59df8\"><span class=\"gt3_meta_label_title\">Site web<\/span><div class=\"custom_meta_icon fa fa-globe\"><\/div><div class=\"gt3_meta_value type_custom\"><a href=\"https:\/\/www.etadeneyer.be\/accueil.html\">https:\/\/www.etadeneyer.be\/accueil.html<\/a><\/div><\/div><div class=\"gt3_meta_values_item elementor-repeater-item-745340b\"><span class=\"gt3_meta_label_title\">Email<\/span><div class=\"custom_meta_icon fa fa-envelope\"><\/div><div class=\"gt3_meta_value type_custom\"><a href=\"mailto:info@etadeneyer.be\" target=\"_blank\" rel=\"noreferrer noopener\">info@etadeneyer.be\/a><\/div><\/div><\/div>\t\t\t\t<\/div>\n\t\t\t\t<\/div>\n\t\t\t\t<div class=\"elementor-element elementor-element-44734d5 elementor-widget elementor-widget-gt3-core-custommeta\" data-id=\"44734d5\" data-element_type=\"widget\" data-e-type=\"widget\" data-widget_type=\"gt3-core-custommeta.default\">\n\t\t\t\t<div class=\"elementor-widget-container\">\n\t\t\t\t\t<div class=\"gt3_meta_values_wrapper vertical align_left\"><div class=\"gt3_meta_values_item elementor-repeater-item-def9cca\"><span class=\"gt3_meta_label_title\">Activit\u00e9s<\/span><div class=\"gt3_meta_value type_tags\"><a href=\"https:\/\/setah.be\/index.php\/eta-tag\/creation-et-assemblage-de-display\/\">cr\u00e9ation et assemblage de display<\/a><a href=\"https:\/\/setah.be\/index.php\/eta-tag\/elagage\/\">Elagage<\/a><a href=\"https:\/\/setah.be\/index.php\/eta-tag\/montage\/\">Montage<\/a><a href=\"https:\/\/setah.be\/index.php\/eta-tag\/nettoyage\/\">Nettoyage<\/a><a href=\"https:\/\/setah.be\/index.php\/eta-tag\/parcs-et-jardins\/\">Parcs et Jardins<\/a><a href=\"https:\/\/setah.be\/index.php\/eta-tag\/sous-traitence\/\">sous-traitence<\/a><\/div><\/div><\/div>\t\t\t\t<\/div>\n\t\t\t\t<\/div>\n\t\t\t\t<div class=\"elementor-element elementor-element-8dfb724 elementor-widget elementor-widget-gt3-core-sharing\" data-id=\"8dfb724\" data-element_type=\"widget\" data-e-type=\"widget\" data-widget_type=\"gt3-core-sharing.default\">\n\t\t\t\t<div class=\"elementor-widget-container\">\n\t\t\t\t\t\t<div class=\"gt3_sharing_core horizontal align_left\">\n\t\t<span class=\"gt3_sharing_label_title\">Partagez<\/span><div class=\"gt3_sharing_links_block\"><a target=\"_blank\" href=\"https:\/\/www.facebook.com\/share.php?u=https:\/\/setah.be\/index.php\/eta\/eta-deneyer\/\" class=\"core_sharing_fb\"><i class=\"link_type_icon fa fa-facebook\"><\/i><\/a><a target=\"_blank\" href=\"https:\/\/twitter.com\/intent\/tweet?text=Ets%20DENEYER&#038;url=https:\/\/setah.be\/index.php\/eta\/eta-deneyer\/\" class=\"core_sharing_twitter\"><i class=\"link_type_icon fa fa-twitter\"><\/i><\/a><a data-elementor-open-lightbox=\"no\" target=\"_blank\" href=\"https:\/\/pinterest.com\/pin\/create\/button\/?url=https:\/\/setah.be\/index.php\/eta\/eta-deneyer\/&#038;media=https:\/\/setah.be\/wp-content\/uploads\/2023\/10\/Locaux-Deneyer-ARNOULD-Michel.jpg\" class=\"core_sharing_pinterest\"><i class=\"link_type_icon fa fa-pinterest\"><\/i><\/a><a target=\"_blank\" href=\"mailto:?subject=Ets+DENEYER&body=https:\/\/setah.be\/index.php\/eta\/eta-deneyer\/\" class=\"core_sharing_email\"><i class=\"link_type_icon fa fa-envelope\"><\/i><\/a><a target=\"_blank\" href=\"https:\/\/www.linkedin.com\/shareArticle?mini=true&#038;url=https:\/\/setah.be\/index.php\/eta\/eta-deneyer\/&#038;title=Ets%20DENEYER&#038;source=SETAH\" class=\"core_sharing_linkedin\"><i class=\"link_type_icon fa fa-linkedin\"><\/i><\/a><\/div>\t<\/div>\n\t\t\t\t<\/div>\n\t\t\t\t<\/div>\n\t\t\t\t\t<\/div>\n\t\t<\/div>\n\t\t\t\t\t<\/div>\n\t\t<\/section>\n\t\t\t\t\t<\/div>\n\t\t<\/div>\n\t\t\t\t\t<\/div>\n\t\t<\/section>\n\t\t\t\t<section class=\"elementor-section elementor-top-section elementor-element elementor-element-7c77863a gt3_parallax-yes elementor-section-boxed elementor-section-height-default elementor-section-height-default\" data-id=\"7c77863a\" data-element_type=\"section\" data-e-type=\"section\" data-settings=\"{&quot;background_background&quot;:&quot;classic&quot;}\">\n\t\t\t\t\t\t<div class=\"elementor-container elementor-column-gap-default\">\n\t\t\t\t\t<div class=\"elementor-column elementor-col-100 elementor-top-column elementor-element elementor-element-349c9d3f\" data-id=\"349c9d3f\" data-element_type=\"column\" data-e-type=\"column\">\n\t\t\t<div class=\"elementor-widget-wrap elementor-element-populated\">\n\t\t\t\t\t\t<div class=\"elementor-element-custom_font_size elementor-element-custom_line_height elementor-element-custom_font_weight elementor-element-custom_color elementor-element elementor-element-325eaa4a elementor-widget elementor-widget-text-editor\" data-id=\"325eaa4a\" data-element_type=\"widget\" data-e-type=\"widget\" data-widget_type=\"text-editor.default\">\n\t\t\t\t<div class=\"elementor-widget-container\">\n\t\t\t\t\t\t\t\t\t<h3><strong>\u00c0 la recherche d\u2019un nouveau m\u00e9tier? ETS DENEYER recrute! <\/strong><\/h3><ul><li>Conditionnement de base (collage, assemblage, \u00e9tiquetage, pliage de cartons, remplissage&#8230;)<\/li><li>Conditionnement \u00e9lectrique (d\u00e9coupe de fils, assemblage \u00e9lectrique et contr\u00f4le qualit\u00e9) de pr\u00e9f\u00e9rence avec permis B<\/li><li>Conditionnement en industrie alimentaire (pr\u00e9f\u00e9rence avec permis B et brevet cariste)<\/li><li>Technicien(ne) de surface avec permis B (nettoyage de communs, de bureaux ou nettoyage de machines)<\/li><li>Couturier(i\u00e8re)<\/li><li>Ouvrier en horticole (tonte, taille, d\u00e9broussaillage de pr\u00e9f\u00e9rence avec permis B ou BE)\u00a0\u00bb<\/li><\/ul>\t\t\t\t\t\t\t\t<\/div>\n\t\t\t\t<\/div>\n\t\t\t\t\t<\/div>\n\t\t<\/div>\n\t\t\t\t\t<\/div>\n\t\t<\/section>\n\t\t\t\t<section class=\"elementor-section elementor-top-section elementor-element elementor-element-355e403a elementor-section-boxed elementor-section-height-default elementor-section-height-default\" data-id=\"355e403a\" data-element_type=\"section\" data-e-type=\"section\">\n\t\t\t\t\t\t<div class=\"elementor-container elementor-column-gap-default\">\n\t\t\t\t\t<div class=\"elementor-column elementor-col-100 elementor-top-column elementor-element elementor-element-5352593e\" data-id=\"5352593e\" data-element_type=\"column\" data-e-type=\"column\">\n\t\t\t<div class=\"elementor-widget-wrap elementor-element-populated\">\n\t\t\t\t\t\t<div class=\"elementor-element elementor-element-e397dd3 elementor-widget elementor-widget-html\" data-id=\"e397dd3\" data-element_type=\"widget\" data-e-type=\"widget\" data-widget_type=\"html.default\">\n\t\t\t\t<div class=\"elementor-widget-container\">\n\t\t\t\t\t<iframe src=\"https:\/\/www.google.com\/maps\/embed?pb=!1m18!1m12!1m3!1d2538.190031629366!2d4.127462576857731!3d50.49342088426846!2m3!1f0!2f0!3f0!3m2!1i1024!2i768!4f13.1!3m3!1m2!1s0x47c2496a7e38cdd5%3A0xb3d1cd43c804115c!2sETA%20Deneyer!5e0!3m2!1sfr!2sbe!4v1696255480537!5m2!1sfr!2sbe\" width=\"600\" height=\"450\" style=\"border:0;\" allowfullscreen=\"\" loading=\"lazy\" referrerpolicy=\"no-referrer-when-downgrade\"><\/iframe>\t\t\t\t<\/div>\n\t\t\t\t<\/div>\n\t\t\t\t\t<\/div>\n\t\t<\/div>\n\t\t\t\t\t<\/div>\n\t\t<\/section>\n\t\t\t\t<\/div>\n\t\t","protected":false},"excerpt":{"rendered":"<p>Domaines Espaces verts, Manutention, Services aux entreprises, Titres-services Du fait de nos activit\u00e9s, nous nous inscrivons \u00e9galement dans le cadre de l\u2019\u00e9conomie sociale par la r\u00e9insertion professionnelle associ\u00e9e \u00e0 une action transversale visant au maintien de l\u2019autonomie de la personne \u00e2g\u00e9e\/handicap\u00e9e ou en souffrance psychologique \u00e0 son domicile. L&rsquo;ETA DENEYER est une Entreprise de Travail [&hellip;]<\/p>\n","protected":false},"author":1,"featured_media":13996,"menu_order":0,"comment_status":"closed","ping_status":"closed","template":"","portfolio_category":[72,67,64,76],"portfolio_tag":[127,125,126,54,115,96],"class_list":["post-13995","portfolio","type-portfolio","status-publish","has-post-thumbnail","hentry","portfolio_category-espaces-verts","portfolio_category-manutention","portfolio_category-entreprises","portfolio_category-titres-services","portfolio_tag-creation-et-assemblage-de-display","portfolio_tag-elagage","portfolio_tag-montage","portfolio_tag-nettoyage","portfolio_tag-parcs-et-jardins","portfolio_tag-sous-traitence"],"yoast_head":"<!-- This site is optimized with the Yoast SEO plugin v27.4 - https:\/\/yoast.com\/product\/yoast-seo-wordpress\/ -->\n<title>Ets DENEYER - SETAH<\/title>\n<meta name=\"description\" content=\"Le Hainaut rassemble 20 Entreprises de Travail Adapt\u00e9 sur son territoire et celles-ci seront toutes pr\u00e9sentes au SETAH les \ud835\udff4 \ud835\ude5a\ud835\ude69 \ud835\udff5 \ud835\ude63\ud835\ude64\ud835\ude6b\ud835\ude5a\ud835\ude62\ud835\ude57\ud835\ude67\ud835\ude5a \ud835\ude65\ud835\ude67\ud835\ude64\ud835\ude58\ud835\ude5d\ud835\ude56\ud835\ude5e\ud835\ude63 DENEYER ETS est une de ces 20 ETA. Elle emploie plus de 130 personnes en situation de handicap et met \u00e0 disposition ses comp\u00e9tences en termes de sous-traitance de productions et de services dans diff\u00e9rents domaines aupr\u00e8s de particuliers, d\u2019entreprises ou encore, de collectivit\u00e9s. D\u00e9couvrez ses savoir-faire\" \/>\n<meta name=\"robots\" content=\"index, follow, max-snippet:-1, max-image-preview:large, max-video-preview:-1\" \/>\n<link rel=\"canonical\" href=\"https:\/\/setah.be\/index.php\/eta\/eta-deneyer\/\" \/>\n<meta property=\"og:locale\" content=\"fr_FR\" \/>\n<meta property=\"og:type\" content=\"article\" \/>\n<meta property=\"og:title\" content=\"Ets DENEYER - SETAH\" \/>\n<meta property=\"og:description\" content=\"Le Hainaut rassemble 20 Entreprises de Travail Adapt\u00e9 sur son territoire et celles-ci seront toutes pr\u00e9sentes au SETAH les \ud835\udff4 \ud835\ude5a\ud835\ude69 \ud835\udff5 \ud835\ude63\ud835\ude64\ud835\ude6b\ud835\ude5a\ud835\ude62\ud835\ude57\ud835\ude67\ud835\ude5a \ud835\ude65\ud835\ude67\ud835\ude64\ud835\ude58\ud835\ude5d\ud835\ude56\ud835\ude5e\ud835\ude63 DENEYER ETS est une de ces 20 ETA. Elle emploie plus de 130 personnes en situation de handicap et met \u00e0 disposition ses comp\u00e9tences en termes de sous-traitance de productions et de services dans diff\u00e9rents domaines aupr\u00e8s de particuliers, d\u2019entreprises ou encore, de collectivit\u00e9s. D\u00e9couvrez ses savoir-faire\" \/>\n<meta property=\"og:url\" content=\"https:\/\/setah.be\/index.php\/eta\/eta-deneyer\/\" \/>\n<meta property=\"og:site_name\" content=\"SETAH\" \/>\n<meta property=\"article:modified_time\" content=\"2023-10-09T13:26:13+00:00\" \/>\n<meta property=\"og:image\" content=\"https:\/\/setah.be\/wp-content\/uploads\/2023\/10\/Publication-par-ETA_72-dpi8.jpg\" \/>\n\t<meta property=\"og:image:width\" content=\"1200\" \/>\n\t<meta property=\"og:image:height\" content=\"630\" \/>\n\t<meta property=\"og:image:type\" content=\"image\/jpeg\" \/>\n<meta name=\"twitter:card\" content=\"summary_large_image\" \/>\n<meta name=\"twitter:description\" content=\"Le Hainaut rassemble 20 Entreprises de Travail Adapt\u00e9 sur son territoire et celles-ci seront toutes pr\u00e9sentes au SETAH les \ud835\udff4 \ud835\ude5a\ud835\ude69 \ud835\udff5 \ud835\ude63\ud835\ude64\ud835\ude6b\ud835\ude5a\ud835\ude62\ud835\ude57\ud835\ude67\ud835\ude5a \ud835\ude65\ud835\ude67\ud835\ude64\ud835\ude58\ud835\ude5d\ud835\ude56\ud835\ude5e\ud835\ude63 DENEYER ETS est une de ces 20 ETA. Elle emploie plus de 130 personnes en situation de handicap et met \u00e0 disposition ses comp\u00e9tences en termes de sous-traitance de productions et de services dans diff\u00e9rents domaines aupr\u00e8s de particuliers, d\u2019entreprises ou encore, de collectivit\u00e9s. D\u00e9couvrez ses savoir-faire\" \/>\n<meta name=\"twitter:image\" content=\"https:\/\/setah.be\/wp-content\/uploads\/2023\/10\/Publication-par-ETA_72-dpi8.jpg\" \/>\n<meta name=\"twitter:label1\" content=\"Dur\u00e9e de lecture estim\u00e9e\" \/>\n\t<meta name=\"twitter:data1\" content=\"2 minutes\" \/>\n<script type=\"application\/ld+json\" class=\"yoast-schema-graph\">{\"@context\":\"https:\\\/\\\/schema.org\",\"@graph\":[{\"@type\":\"WebPage\",\"@id\":\"https:\\\/\\\/setah.be\\\/index.php\\\/eta\\\/eta-deneyer\\\/\",\"url\":\"https:\\\/\\\/setah.be\\\/index.php\\\/eta\\\/eta-deneyer\\\/\",\"name\":\"Ets DENEYER - SETAH\",\"isPartOf\":{\"@id\":\"https:\\\/\\\/setah.be\\\/#website\"},\"primaryImageOfPage\":{\"@id\":\"https:\\\/\\\/setah.be\\\/index.php\\\/eta\\\/eta-deneyer\\\/#primaryimage\"},\"image\":{\"@id\":\"https:\\\/\\\/setah.be\\\/index.php\\\/eta\\\/eta-deneyer\\\/#primaryimage\"},\"thumbnailUrl\":\"https:\\\/\\\/setah.be\\\/wp-content\\\/uploads\\\/2023\\\/10\\\/Locaux-Deneyer-ARNOULD-Michel.jpg\",\"datePublished\":\"2023-10-02T14:01:49+00:00\",\"dateModified\":\"2023-10-09T13:26:13+00:00\",\"description\":\"Le Hainaut rassemble 20 Entreprises de Travail Adapt\u00e9 sur son territoire et celles-ci seront toutes pr\u00e9sentes au SETAH les \ud835\udff4 \ud835\ude5a\ud835\ude69 \ud835\udff5 \ud835\ude63\ud835\ude64\ud835\ude6b\ud835\ude5a\ud835\ude62\ud835\ude57\ud835\ude67\ud835\ude5a \ud835\ude65\ud835\ude67\ud835\ude64\ud835\ude58\ud835\ude5d\ud835\ude56\ud835\ude5e\ud835\ude63 DENEYER ETS est une de ces 20 ETA. Elle emploie plus de 130 personnes en situation de handicap et met \u00e0 disposition ses comp\u00e9tences en termes de sous-traitance de productions et de services dans diff\u00e9rents domaines aupr\u00e8s de particuliers, d\u2019entreprises ou encore, de collectivit\u00e9s. D\u00e9couvrez ses savoir-faire\",\"breadcrumb\":{\"@id\":\"https:\\\/\\\/setah.be\\\/index.php\\\/eta\\\/eta-deneyer\\\/#breadcrumb\"},\"inLanguage\":\"fr-FR\",\"potentialAction\":[{\"@type\":\"ReadAction\",\"target\":[\"https:\\\/\\\/setah.be\\\/index.php\\\/eta\\\/eta-deneyer\\\/\"]}]},{\"@type\":\"ImageObject\",\"inLanguage\":\"fr-FR\",\"@id\":\"https:\\\/\\\/setah.be\\\/index.php\\\/eta\\\/eta-deneyer\\\/#primaryimage\",\"url\":\"https:\\\/\\\/setah.be\\\/wp-content\\\/uploads\\\/2023\\\/10\\\/Locaux-Deneyer-ARNOULD-Michel.jpg\",\"contentUrl\":\"https:\\\/\\\/setah.be\\\/wp-content\\\/uploads\\\/2023\\\/10\\\/Locaux-Deneyer-ARNOULD-Michel.jpg\",\"width\":1366,\"height\":616,\"caption\":\"Locaux Deneyer\"},{\"@type\":\"BreadcrumbList\",\"@id\":\"https:\\\/\\\/setah.be\\\/index.php\\\/eta\\\/eta-deneyer\\\/#breadcrumb\",\"itemListElement\":[{\"@type\":\"ListItem\",\"position\":1,\"name\":\"Accueil\",\"item\":\"https:\\\/\\\/setah.be\\\/\"},{\"@type\":\"ListItem\",\"position\":2,\"name\":\"Portfolios\",\"item\":\"https:\\\/\\\/setah.be\\\/index.php\\\/portfolio\\\/\"},{\"@type\":\"ListItem\",\"position\":3,\"name\":\"Ets DENEYER\"}]},{\"@type\":\"WebSite\",\"@id\":\"https:\\\/\\\/setah.be\\\/#website\",\"url\":\"https:\\\/\\\/setah.be\\\/\",\"name\":\"SETAH\",\"description\":\"Salon des entreprises de travail adapt\u00e9 en Hainaut\",\"publisher\":{\"@id\":\"https:\\\/\\\/setah.be\\\/#organization\"},\"potentialAction\":[{\"@type\":\"SearchAction\",\"target\":{\"@type\":\"EntryPoint\",\"urlTemplate\":\"https:\\\/\\\/setah.be\\\/?s={search_term_string}\"},\"query-input\":{\"@type\":\"PropertyValueSpecification\",\"valueRequired\":true,\"valueName\":\"search_term_string\"}}],\"inLanguage\":\"fr-FR\"},{\"@type\":\"Organization\",\"@id\":\"https:\\\/\\\/setah.be\\\/#organization\",\"name\":\"SETAH\",\"url\":\"https:\\\/\\\/setah.be\\\/\",\"logo\":{\"@type\":\"ImageObject\",\"inLanguage\":\"fr-FR\",\"@id\":\"https:\\\/\\\/setah.be\\\/#\\\/schema\\\/logo\\\/image\\\/\",\"url\":\"https:\\\/\\\/setah.be\\\/wp-content\\\/uploads\\\/2021\\\/07\\\/Logo-SETAH.png\",\"contentUrl\":\"https:\\\/\\\/setah.be\\\/wp-content\\\/uploads\\\/2021\\\/07\\\/Logo-SETAH.png\",\"width\":646,\"height\":463,\"caption\":\"SETAH\"},\"image\":{\"@id\":\"https:\\\/\\\/setah.be\\\/#\\\/schema\\\/logo\\\/image\\\/\"}}]}<\/script>\n<!-- \/ Yoast SEO plugin. -->","yoast_head_json":{"title":"Ets DENEYER - SETAH","description":"Le Hainaut rassemble 20 Entreprises de Travail Adapt\u00e9 sur son territoire et celles-ci seront toutes pr\u00e9sentes au SETAH les \ud835\udff4 \ud835\ude5a\ud835\ude69 \ud835\udff5 \ud835\ude63\ud835\ude64\ud835\ude6b\ud835\ude5a\ud835\ude62\ud835\ude57\ud835\ude67\ud835\ude5a \ud835\ude65\ud835\ude67\ud835\ude64\ud835\ude58\ud835\ude5d\ud835\ude56\ud835\ude5e\ud835\ude63 DENEYER ETS est une de ces 20 ETA. Elle emploie plus de 130 personnes en situation de handicap et met \u00e0 disposition ses comp\u00e9tences en termes de sous-traitance de productions et de services dans diff\u00e9rents domaines aupr\u00e8s de particuliers, d\u2019entreprises ou encore, de collectivit\u00e9s. D\u00e9couvrez ses savoir-faire","robots":{"index":"index","follow":"follow","max-snippet":"max-snippet:-1","max-image-preview":"max-image-preview:large","max-video-preview":"max-video-preview:-1"},"canonical":"https:\/\/setah.be\/index.php\/eta\/eta-deneyer\/","og_locale":"fr_FR","og_type":"article","og_title":"Ets DENEYER - SETAH","og_description":"Le Hainaut rassemble 20 Entreprises de Travail Adapt\u00e9 sur son territoire et celles-ci seront toutes pr\u00e9sentes au SETAH les \ud835\udff4 \ud835\ude5a\ud835\ude69 \ud835\udff5 \ud835\ude63\ud835\ude64\ud835\ude6b\ud835\ude5a\ud835\ude62\ud835\ude57\ud835\ude67\ud835\ude5a \ud835\ude65\ud835\ude67\ud835\ude64\ud835\ude58\ud835\ude5d\ud835\ude56\ud835\ude5e\ud835\ude63 DENEYER ETS est une de ces 20 ETA. Elle emploie plus de 130 personnes en situation de handicap et met \u00e0 disposition ses comp\u00e9tences en termes de sous-traitance de productions et de services dans diff\u00e9rents domaines aupr\u00e8s de particuliers, d\u2019entreprises ou encore, de collectivit\u00e9s. D\u00e9couvrez ses savoir-faire","og_url":"https:\/\/setah.be\/index.php\/eta\/eta-deneyer\/","og_site_name":"SETAH","article_modified_time":"2023-10-09T13:26:13+00:00","og_image":[{"width":1200,"height":630,"url":"https:\/\/setah.be\/wp-content\/uploads\/2023\/10\/Publication-par-ETA_72-dpi8.jpg","type":"image\/jpeg"}],"twitter_card":"summary_large_image","twitter_description":"Le Hainaut rassemble 20 Entreprises de Travail Adapt\u00e9 sur son territoire et celles-ci seront toutes pr\u00e9sentes au SETAH les \ud835\udff4 \ud835\ude5a\ud835\ude69 \ud835\udff5 \ud835\ude63\ud835\ude64\ud835\ude6b\ud835\ude5a\ud835\ude62\ud835\ude57\ud835\ude67\ud835\ude5a \ud835\ude65\ud835\ude67\ud835\ude64\ud835\ude58\ud835\ude5d\ud835\ude56\ud835\ude5e\ud835\ude63 DENEYER ETS est une de ces 20 ETA. Elle emploie plus de 130 personnes en situation de handicap et met \u00e0 disposition ses comp\u00e9tences en termes de sous-traitance de productions et de services dans diff\u00e9rents domaines aupr\u00e8s de particuliers, d\u2019entreprises ou encore, de collectivit\u00e9s. D\u00e9couvrez ses savoir-faire","twitter_image":"https:\/\/setah.be\/wp-content\/uploads\/2023\/10\/Publication-par-ETA_72-dpi8.jpg","twitter_misc":{"Dur\u00e9e de lecture estim\u00e9e":"2 minutes"},"schema":{"@context":"https:\/\/schema.org","@graph":[{"@type":"WebPage","@id":"https:\/\/setah.be\/index.php\/eta\/eta-deneyer\/","url":"https:\/\/setah.be\/index.php\/eta\/eta-deneyer\/","name":"Ets DENEYER - SETAH","isPartOf":{"@id":"https:\/\/setah.be\/#website"},"primaryImageOfPage":{"@id":"https:\/\/setah.be\/index.php\/eta\/eta-deneyer\/#primaryimage"},"image":{"@id":"https:\/\/setah.be\/index.php\/eta\/eta-deneyer\/#primaryimage"},"thumbnailUrl":"https:\/\/setah.be\/wp-content\/uploads\/2023\/10\/Locaux-Deneyer-ARNOULD-Michel.jpg","datePublished":"2023-10-02T14:01:49+00:00","dateModified":"2023-10-09T13:26:13+00:00","description":"Le Hainaut rassemble 20 Entreprises de Travail Adapt\u00e9 sur son territoire et celles-ci seront toutes pr\u00e9sentes au SETAH les \ud835\udff4 \ud835\ude5a\ud835\ude69 \ud835\udff5 \ud835\ude63\ud835\ude64\ud835\ude6b\ud835\ude5a\ud835\ude62\ud835\ude57\ud835\ude67\ud835\ude5a \ud835\ude65\ud835\ude67\ud835\ude64\ud835\ude58\ud835\ude5d\ud835\ude56\ud835\ude5e\ud835\ude63 DENEYER ETS est une de ces 20 ETA. Elle emploie plus de 130 personnes en situation de handicap et met \u00e0 disposition ses comp\u00e9tences en termes de sous-traitance de productions et de services dans diff\u00e9rents domaines aupr\u00e8s de particuliers, d\u2019entreprises ou encore, de collectivit\u00e9s. D\u00e9couvrez ses savoir-faire","breadcrumb":{"@id":"https:\/\/setah.be\/index.php\/eta\/eta-deneyer\/#breadcrumb"},"inLanguage":"fr-FR","potentialAction":[{"@type":"ReadAction","target":["https:\/\/setah.be\/index.php\/eta\/eta-deneyer\/"]}]},{"@type":"ImageObject","inLanguage":"fr-FR","@id":"https:\/\/setah.be\/index.php\/eta\/eta-deneyer\/#primaryimage","url":"https:\/\/setah.be\/wp-content\/uploads\/2023\/10\/Locaux-Deneyer-ARNOULD-Michel.jpg","contentUrl":"https:\/\/setah.be\/wp-content\/uploads\/2023\/10\/Locaux-Deneyer-ARNOULD-Michel.jpg","width":1366,"height":616,"caption":"Locaux Deneyer"},{"@type":"BreadcrumbList","@id":"https:\/\/setah.be\/index.php\/eta\/eta-deneyer\/#breadcrumb","itemListElement":[{"@type":"ListItem","position":1,"name":"Accueil","item":"https:\/\/setah.be\/"},{"@type":"ListItem","position":2,"name":"Portfolios","item":"https:\/\/setah.be\/index.php\/portfolio\/"},{"@type":"ListItem","position":3,"name":"Ets DENEYER"}]},{"@type":"WebSite","@id":"https:\/\/setah.be\/#website","url":"https:\/\/setah.be\/","name":"SETAH","description":"Salon des entreprises de travail adapt\u00e9 en Hainaut","publisher":{"@id":"https:\/\/setah.be\/#organization"},"potentialAction":[{"@type":"SearchAction","target":{"@type":"EntryPoint","urlTemplate":"https:\/\/setah.be\/?s={search_term_string}"},"query-input":{"@type":"PropertyValueSpecification","valueRequired":true,"valueName":"search_term_string"}}],"inLanguage":"fr-FR"},{"@type":"Organization","@id":"https:\/\/setah.be\/#organization","name":"SETAH","url":"https:\/\/setah.be\/","logo":{"@type":"ImageObject","inLanguage":"fr-FR","@id":"https:\/\/setah.be\/#\/schema\/logo\/image\/","url":"https:\/\/setah.be\/wp-content\/uploads\/2021\/07\/Logo-SETAH.png","contentUrl":"https:\/\/setah.be\/wp-content\/uploads\/2021\/07\/Logo-SETAH.png","width":646,"height":463,"caption":"SETAH"},"image":{"@id":"https:\/\/setah.be\/#\/schema\/logo\/image\/"}}]}},"_links":{"self":[{"href":"https:\/\/setah.be\/index.php\/wp-json\/wp\/v2\/portfolio\/13995","targetHints":{"allow":["GET"]}}],"collection":[{"href":"https:\/\/setah.be\/index.php\/wp-json\/wp\/v2\/portfolio"}],"about":[{"href":"https:\/\/setah.be\/index.php\/wp-json\/wp\/v2\/types\/portfolio"}],"author":[{"embeddable":true,"href":"https:\/\/setah.be\/index.php\/wp-json\/wp\/v2\/users\/1"}],"replies":[{"embeddable":true,"href":"https:\/\/setah.be\/index.php\/wp-json\/wp\/v2\/comments?post=13995"}],"version-history":[{"count":7,"href":"https:\/\/setah.be\/index.php\/wp-json\/wp\/v2\/portfolio\/13995\/revisions"}],"predecessor-version":[{"id":14290,"href":"https:\/\/setah.be\/index.php\/wp-json\/wp\/v2\/portfolio\/13995\/revisions\/14290"}],"wp:featuredmedia":[{"embeddable":true,"href":"https:\/\/setah.be\/index.php\/wp-json\/wp\/v2\/media\/13996"}],"wp:attachment":[{"href":"https:\/\/setah.be\/index.php\/wp-json\/wp\/v2\/media?parent=13995"}],"wp:term":[{"taxonomy":"portfolio_category","embeddable":true,"href":"https:\/\/setah.be\/index.php\/wp-json\/wp\/v2\/portfolio_category?post=13995"},{"taxonomy":"portfolio_tag","embeddable":true,"href":"https:\/\/setah.be\/index.php\/wp-json\/wp\/v2\/portfolio_tag?post=13995"}],"curies":[{"name":"wp","href":"https:\/\/api.w.org\/{rel}","templated":true}]}}